{"id":26069,"date":"2024-11-10T13:10:58","date_gmt":"2024-11-10T12:10:58","guid":{"rendered":"https:\/\/www.schneider-chauffeur.de\/?page_id=26069"},"modified":"2024-11-10T13:10:58","modified_gmt":"2024-11-10T12:10:58","slug":"bmw-i750","status":"publish","type":"page","link":"https:\/\/www.schneider-chauffeur.de\/fr\/notre-flotte\/bmw-i750\/","title":{"rendered":"BMW i750"},"content":{"rendered":"<p>Notre BMW i750 en version longue red\u00e9finit l&#8217;\u00e9l\u00e9gance, le confort et la s\u00e9curit\u00e9.<br \/>\n<!--more--><br \/>\n<img loading=\"lazy\" decoding=\"async\" class=\"alignright size-medium wp-image-6259\" src=\"https:\/\/www.schneider-chauffeur.de\/app\/uploads\/2024\/11\/BMW_Rechte-Seite.jpg\" alt=\"BMW i750 rechte Fahrzeugseite von Schneider Chauffeurservice\" width=\"300\" height=\"200\" \/><\/p>\n<p>Bienvenue dans l&#8217;\u00e8re de la mobilit\u00e9 de luxe ! Nous avons le plaisir de vous pr\u00e9senter la BMW i750 &#8211; la toute derni\u00e8re limousine de notre portefeuille chez Schneider Chauffeur Service. Cette limousine \u00e9lectrique exclusive allie un confort de premi\u00e8re classe \u00e0 une technologie de pointe et transforme chaque trajet en une exp\u00e9rience incomparable.<\/p>\n<p>La BMW i750 enthousiasme d\u00e8s le premier regard : Son design \u00e9poustouflant allie une \u00e9l\u00e9gance sportive \u00e0 une pr\u00e9sence marquante. Ses lignes fluides et ses proportions dynamiques lui conf\u00e8rent une identit\u00e9 unique, tandis que les \u00e9l\u00e9ments de design BMW embl\u00e9matiques apportent une touche de tradition et de style. Chaque recoin raconte la pr\u00e9cision et l&#8217;artisanat &#8211; une voiture qui brille aussi bien dans le trafic urbain que sur les longs trajets.<\/p>\n<h2>Exigence maximale en termes de mat\u00e9riaux et de finition &#8211; Dans la nouvelle BMW i750<\/h2>\n<p><img decoding=\"async\" class=\"alignleft\" style=\"width: 100%; max-width: 300px; height: auto;\" src=\"https:\/\/www.schneider-chauffeur.de\/app\/uploads\/2024\/11\/BMW_Linke-Seite-1.jpg\" alt=\"BMW i750 ansicht links\" \/><\/p>\n<p>Le luxe \u00e0 l&#8217;\u00e9tat pur vous attend dans l&#8217;habitacle velout\u00e9 de la BMW i750. Ici, les exigences les plus \u00e9lev\u00e9es en mati\u00e8re de mat\u00e9riaux et de finition vont de soi. Les si\u00e8ges ne sont pas seulement ergonomiques, ils offrent aussi une multitude de possibilit\u00e9s de r\u00e9glage individuel, de sorte que chaque instant du trajet peut \u00eatre savour\u00e9 dans un confort maximal. Une technologie de pointe, allant d&#8217;un syst\u00e8me d&#8217;infodivertissement intuitif \u00e0 un syst\u00e8me sonore exceptionnel, fait de chaque voyage un plaisir. L&#8217;\u00e9clairage d&#8217;ambiance raffin\u00e9 cr\u00e9e une atmosph\u00e8re de calme et de d\u00e9tente, id\u00e9ale pour les voyages d&#8217;affaires ou les occasions sp\u00e9ciales.<\/p>\n<p>La s\u00e9curit\u00e9 est la priorit\u00e9 absolue de la BMW i750. \u00c9quip\u00e9 de syst\u00e8mes d&#8217;assistance \u00e0 la conduite avanc\u00e9s et de chauffeurs professionnels de Schneider Chauffeurservice, notre service garantit un maximum de s\u00e9curit\u00e9 pour votre prochain voyage. Que ce soit sur l&#8217;autoroute ou en ville, vous pouvez \u00eatre s\u00fbr d&#8217;\u00eatre entre de bonnes mains, \u00e0 chaque kilom\u00e8tre que vous parcourez.<\/p>\n<p><a class=\"button\" style=\"max-width: 450px;\" href=\"https:\/\/www.schneider-chauffeur.de\/fr\/contactez\/\">R\u00e9servez maintenant votre BMW i750<\/a><\/p>\n<h2><\/h2>\n<h2>De nouvelles r\u00e9f\u00e9rences en mati\u00e8re d&#8217;efficacit\u00e9 et de performance.<\/h2>\n<p><img loading=\"lazy\" decoding=\"async\" class=\"alignright size-medium wp-image-6251\" src=\"https:\/\/www.schneider-chauffeur.de\/app\/uploads\/2024\/11\/BMW_Rueckbank.jpg\" alt=\"BMW i750 Innenansicht Fon beige\" width=\"300\" height=\"200\" \/><\/p>\n<p>La technologie de propulsion avanc\u00e9e de la BMW i750 \u00e9tablit de nouvelles normes en mati\u00e8re d&#8217;efficacit\u00e9 et de performance. Le puissant moteur \u00e9lectrique assure une acc\u00e9l\u00e9ration impressionnante et une exp\u00e9rience de conduite presque silencieuse. Profitez d&#8217;un sentiment de libert\u00e9 tout en vous d\u00e9pla\u00e7ant avec style et en respectant l&#8217;environnement.<\/p>\n<p>Avec la BMW i750, Schneider Chauffeur Service ne se contente pas de vous faire voyager de mani\u00e8re \u00e9cologique, mais aussi \u00e9l\u00e9gante et confortable. Nous vous invitons \u00e0 d\u00e9couvrir l&#8217;avenir des voyages de luxe. R\u00e9servez d\u00e8s aujourd&#8217;hui votre trajet avec la BMW i750 &#8211; et laissez-vous s\u00e9duire par une exp\u00e9rience de conduite inoubliable ! Votre confort et votre s\u00e9curit\u00e9 sont notre priorit\u00e9 absolue.<\/p>\n<p><a class=\"button\" style=\"max-width: 450px;\" href=\"https:\/\/www.schneider-chauffeur.de\/fr\/contactez\/\">R\u00e9servez maintenant votre BMW i750<\/a><\/p>\n<h2>Cet \u00e9quipement exclusif vous attend :<\/h2>\n<ul>\n<li>Version longue, donc beaucoup plus d&#8217;espace pour les jambes \u00e0 l&#8217;arri\u00e8re<\/li>\n<li>Softclose &#8211; une fermeture en douceur des portes<\/li>\n<li>Vitrage acoustique<\/li>\n<li>Une bouteille d&#8217;eau et un journal du jour<\/li>\n<li>De la papeterie pour vos notes<\/li>\n<li>Dans l&#8217;espace passagers, vitrage Privacy<\/li>\n<li>R\u00e9glage individuel des si\u00e8ges avec si\u00e8ge de repos pour \u00e9tendre les jambes<\/li>\n<li>Un arri\u00e8re clair et spacieux<\/li>\n<li>Si\u00e8ges ventil\u00e9s et chauffants<\/li>\n<li>Ch\u00e2ssis pneumatique unique en son genre<\/li>\n<li>W-Lan<\/li>\n<li>Plus maniable gr\u00e2ce \u00e0 la direction de l&#8217;essieu arri\u00e8re<\/li>\n<li>Syst\u00e8me sonore surround<\/li>\n<li>Toit panoramique Sky View<\/li>\n<li>Syst\u00e8me m\u00e9dia th\u00e9\u00e2tre \u00e0 l&#8217;arri\u00e8re<\/li>\n<\/ul>\n<h2>Faites confiance \u00e0 l&#8217;exigence et \u00e0 la qualit\u00e9.<\/h2>\n<p>La nouvelle BMW i750, associ\u00e9e \u00e0 un chauffeur attentionn\u00e9, vous offre l&#8217;espace n\u00e9cessaire pour que votre voyage soit productif.<\/p>\n<h4>Vous \u00eates convaincu ? Alors r\u00e9servez d\u00e8s maintenant votre chauffeur avec la limousine qui vous convient.<\/h4>\n<p><a class=\"button\" style=\"max-width: 450px;\" href=\"https:\/\/www.schneider-chauffeur.de\/fr\/contactez\/\">R\u00e9servez maintenant votre BMW i750<\/a><\/p>\n","protected":false},"excerpt":{"rendered":"<p>Notre BMW i750 en version longue red\u00e9finit l&#8217;\u00e9l\u00e9gance, le confort et la s\u00e9curit\u00e9.<\/p>\n","protected":false},"author":3,"featured_media":26284,"parent":1577,"menu_order":17,"comment_status":"closed","ping_status":"closed","template":"","meta":{"footnotes":""},"class_list":["post-26069","page","type-page","status-publish","has-post-thumbnail","hentry"],"yoast_head":"<!-- This site is optimized with the Yoast SEO Premium plugin v26.3 (Yoast SEO v26.3) - https:\/\/yoast.com\/wordpress\/plugins\/seo\/ -->\n<title>BMW i750 | Schneider Chauffeurservice<\/title>\n<meta name=\"description\" content=\"La nouvelle BMW i750 | Ici, les exigences les plus \u00e9lev\u00e9es en mati\u00e8re de mat\u00e9riaux, de finition et de chauffeur vont de soi.\" \/>\n<meta name=\"robots\" content=\"index, follow, max-snippet:-1, max-image-preview:large, max-video-preview:-1\" \/>\n<link rel=\"canonical\" href=\"https:\/\/www.schneider-chauffeur.de\/fr\/notre-flotte\/bmw-i750\/\" \/>\n<meta property=\"og:locale\" content=\"fr_FR\" \/>\n<meta property=\"og:type\" content=\"article\" \/>\n<meta property=\"og:title\" content=\"BMW i750\" \/>\n<meta property=\"og:description\" content=\"La nouvelle BMW i750 | Ici, les exigences les plus \u00e9lev\u00e9es en mati\u00e8re de mat\u00e9riaux, de finition et de chauffeur vont de soi.\" \/>\n<meta property=\"og:url\" content=\"https:\/\/www.schneider-chauffeur.de\/fr\/notre-flotte\/bmw-i750\/\" \/>\n<meta property=\"og:site_name\" content=\"Schneider Chauffeurservice \u2013 Gesch\u00e4ftsreisen mit h\u00f6chstem Komfort\" \/>\n<meta property=\"article:publisher\" content=\"https:\/\/www.facebook.com\/SchneiderChauffeurservice\" \/>\n<meta property=\"og:image\" content=\"https:\/\/www.schneider-chauffeur.de\/app\/uploads\/2022\/02\/Mercedes-S500L-back.jpg\" \/>\n\t<meta property=\"og:image:width\" content=\"300\" \/>\n\t<meta property=\"og:image:height\" content=\"200\" \/>\n\t<meta property=\"og:image:type\" content=\"image\/jpeg\" \/>\n<meta name=\"twitter:card\" content=\"summary_large_image\" \/>\n<meta name=\"twitter:label1\" content=\"Est. reading time\" \/>\n\t<meta name=\"twitter:data1\" content=\"5 minutes\" \/>\n<script type=\"application\/ld+json\" class=\"yoast-schema-graph\">{\"@context\":\"https:\/\/schema.org\",\"@graph\":[{\"@type\":\"WebPage\",\"@id\":\"https:\/\/www.schneider-chauffeur.de\/fr\/notre-flotte\/bmw-i750\/\",\"url\":\"https:\/\/www.schneider-chauffeur.de\/fr\/notre-flotte\/bmw-i750\/\",\"name\":\"BMW i750 | Schneider Chauffeurservice\",\"isPartOf\":{\"@id\":\"https:\/\/www.schneider-chauffeur.de\/fr\/#website\"},\"primaryImageOfPage\":{\"@id\":\"https:\/\/www.schneider-chauffeur.de\/fr\/notre-flotte\/bmw-i750\/#primaryimage\"},\"image\":{\"@id\":\"https:\/\/www.schneider-chauffeur.de\/fr\/notre-flotte\/bmw-i750\/#primaryimage\"},\"thumbnailUrl\":\"https:\/\/cdn.schneider-chauffeur.de\/app\/uploads\/2024\/11\/flotte-bmw-7.jpg\",\"datePublished\":\"2024-11-10T12:10:58+00:00\",\"description\":\"La nouvelle BMW i750 | Ici, les exigences les plus \u00e9lev\u00e9es en mati\u00e8re de mat\u00e9riaux, de finition et de chauffeur vont de soi.\",\"breadcrumb\":{\"@id\":\"https:\/\/www.schneider-chauffeur.de\/fr\/notre-flotte\/bmw-i750\/#breadcrumb\"},\"inLanguage\":\"fr-FR\",\"potentialAction\":[{\"@type\":\"ReadAction\",\"target\":[\"https:\/\/www.schneider-chauffeur.de\/fr\/notre-flotte\/bmw-i750\/\"]}]},{\"@type\":\"ImageObject\",\"inLanguage\":\"fr-FR\",\"@id\":\"https:\/\/www.schneider-chauffeur.de\/fr\/notre-flotte\/bmw-i750\/#primaryimage\",\"url\":\"https:\/\/cdn.schneider-chauffeur.de\/app\/uploads\/2024\/11\/flotte-bmw-7.jpg\",\"contentUrl\":\"https:\/\/cdn.schneider-chauffeur.de\/app\/uploads\/2024\/11\/flotte-bmw-7.jpg\",\"width\":600,\"height\":394},{\"@type\":\"BreadcrumbList\",\"@id\":\"https:\/\/www.schneider-chauffeur.de\/fr\/notre-flotte\/bmw-i750\/#breadcrumb\",\"itemListElement\":[{\"@type\":\"ListItem\",\"position\":1,\"name\":\"Page d\u2019accueil\",\"item\":\"https:\/\/www.schneider-chauffeur.de\/fr\/\"},{\"@type\":\"ListItem\",\"position\":2,\"name\":\"Notre flotte\",\"item\":\"https:\/\/www.schneider-chauffeur.de\/fr\/notre-flotte\/\"},{\"@type\":\"ListItem\",\"position\":3,\"name\":\"BMW i750\"}]},{\"@type\":\"WebSite\",\"@id\":\"https:\/\/www.schneider-chauffeur.de\/fr\/#website\",\"url\":\"https:\/\/www.schneider-chauffeur.de\/fr\/\",\"name\":\"Schneider Chauffeurservice \u2013 Gesch\u00e4ftsreisen mit h\u00f6chstem Komfort\",\"description\":\"\",\"publisher\":{\"@id\":\"https:\/\/www.schneider-chauffeur.de\/fr\/#organization\"},\"potentialAction\":[{\"@type\":\"SearchAction\",\"target\":{\"@type\":\"EntryPoint\",\"urlTemplate\":\"https:\/\/www.schneider-chauffeur.de\/fr\/?s={search_term_string}\"},\"query-input\":{\"@type\":\"PropertyValueSpecification\",\"valueRequired\":true,\"valueName\":\"search_term_string\"}}],\"inLanguage\":\"fr-FR\"},{\"@type\":[\"Organization\",\"Place\"],\"@id\":\"https:\/\/www.schneider-chauffeur.de\/fr\/#organization\",\"name\":\"Schneider Chauffeurservice\",\"url\":\"https:\/\/www.schneider-chauffeur.de\/fr\/\",\"logo\":{\"@id\":\"https:\/\/www.schneider-chauffeur.de\/fr\/notre-flotte\/bmw-i750\/#local-main-organization-logo\"},\"image\":{\"@id\":\"https:\/\/www.schneider-chauffeur.de\/fr\/notre-flotte\/bmw-i750\/#local-main-organization-logo\"},\"sameAs\":[\"https:\/\/www.facebook.com\/SchneiderChauffeurservice\",\"https:\/\/www.linkedin.com\/company\/schneider-chauffeurservice\/\",\"https:\/\/www.instagram.com\/schneider_chauffeurservice\/\"],\"legalName\":\"Schneider Chauffeurservice\",\"numberOfEmployees\":{\"@type\":\"QuantitativeValue\",\"minValue\":\"11\",\"maxValue\":\"50\"},\"address\":{\"@id\":\"https:\/\/www.schneider-chauffeur.de\/fr\/notre-flotte\/bmw-i750\/#local-main-place-address\"},\"telephone\":[\"+49 20185892980\"],\"contactPoint\":{\"@type\":\"ContactPoint\",\"telephone\":\"+49 20185892980\",\"email\":\"info@schneider-chauffeur.de\"},\"openingHoursSpecification\":[{\"@type\":\"OpeningHoursSpecification\",\"dayOfWeek\":[\"Monday\",\"Tuesday\",\"Wednesday\",\"Thursday\",\"Friday\",\"Saturday\",\"Sunday\"],\"opens\":\"09:00\",\"closes\":\"17:00\"}],\"email\":\"info@schneider-chauffeur.de\",\"faxNumber\":\"Schneider Chauffeurservice\",\"areaServed\":\"Germany\"},{\"@type\":\"PostalAddress\",\"@id\":\"https:\/\/www.schneider-chauffeur.de\/fr\/notre-flotte\/bmw-i750\/#local-main-place-address\",\"streetAddress\":\"Hohenzollernstr. 24\",\"addressLocality\":\"Essen\",\"postalCode\":\"45128\",\"addressCountry\":\"DE\"},{\"@type\":\"ImageObject\",\"inLanguage\":\"fr-FR\",\"@id\":\"https:\/\/www.schneider-chauffeur.de\/fr\/notre-flotte\/bmw-i750\/#local-main-organization-logo\",\"url\":\"https:\/\/cdn.schneider-chauffeur.de\/app\/uploads\/2019\/08\/logo-schneider-chauffeur-service.svg\",\"contentUrl\":\"https:\/\/cdn.schneider-chauffeur.de\/app\/uploads\/2019\/08\/logo-schneider-chauffeur-service.svg\",\"caption\":\"Schneider Chauffeurservice\"}]}<\/script>\n<meta name=\"geo.placename\" content=\"Essen\" \/>\n<meta name=\"geo.region\" content=\"Germany\" \/>\n<!-- \/ Yoast SEO Premium plugin. -->","yoast_head_json":{"title":"BMW i750 | Schneider Chauffeurservice","description":"La nouvelle BMW i750 | Ici, les exigences les plus \u00e9lev\u00e9es en mati\u00e8re de mat\u00e9riaux, de finition et de chauffeur vont de soi.","robots":{"index":"index","follow":"follow","max-snippet":"max-snippet:-1","max-image-preview":"max-image-preview:large","max-video-preview":"max-video-preview:-1"},"canonical":"https:\/\/www.schneider-chauffeur.de\/fr\/notre-flotte\/bmw-i750\/","og_locale":"fr_FR","og_type":"article","og_title":"BMW i750","og_description":"La nouvelle BMW i750 | Ici, les exigences les plus \u00e9lev\u00e9es en mati\u00e8re de mat\u00e9riaux, de finition et de chauffeur vont de soi.","og_url":"https:\/\/www.schneider-chauffeur.de\/fr\/notre-flotte\/bmw-i750\/","og_site_name":"Schneider Chauffeurservice \u2013 Gesch\u00e4ftsreisen mit h\u00f6chstem Komfort","article_publisher":"https:\/\/www.facebook.com\/SchneiderChauffeurservice","og_image":[{"width":300,"height":200,"url":"https:\/\/www.schneider-chauffeur.de\/app\/uploads\/2022\/02\/Mercedes-S500L-back.jpg","type":"image\/jpeg"}],"twitter_card":"summary_large_image","twitter_misc":{"Est. reading time":"5 minutes"},"schema":{"@context":"https:\/\/schema.org","@graph":[{"@type":"WebPage","@id":"https:\/\/www.schneider-chauffeur.de\/fr\/notre-flotte\/bmw-i750\/","url":"https:\/\/www.schneider-chauffeur.de\/fr\/notre-flotte\/bmw-i750\/","name":"BMW i750 | Schneider Chauffeurservice","isPartOf":{"@id":"https:\/\/www.schneider-chauffeur.de\/fr\/#website"},"primaryImageOfPage":{"@id":"https:\/\/www.schneider-chauffeur.de\/fr\/notre-flotte\/bmw-i750\/#primaryimage"},"image":{"@id":"https:\/\/www.schneider-chauffeur.de\/fr\/notre-flotte\/bmw-i750\/#primaryimage"},"thumbnailUrl":"https:\/\/cdn.schneider-chauffeur.de\/app\/uploads\/2024\/11\/flotte-bmw-7.jpg","datePublished":"2024-11-10T12:10:58+00:00","description":"La nouvelle BMW i750 | Ici, les exigences les plus \u00e9lev\u00e9es en mati\u00e8re de mat\u00e9riaux, de finition et de chauffeur vont de soi.","breadcrumb":{"@id":"https:\/\/www.schneider-chauffeur.de\/fr\/notre-flotte\/bmw-i750\/#breadcrumb"},"inLanguage":"fr-FR","potentialAction":[{"@type":"ReadAction","target":["https:\/\/www.schneider-chauffeur.de\/fr\/notre-flotte\/bmw-i750\/"]}]},{"@type":"ImageObject","inLanguage":"fr-FR","@id":"https:\/\/www.schneider-chauffeur.de\/fr\/notre-flotte\/bmw-i750\/#primaryimage","url":"https:\/\/cdn.schneider-chauffeur.de\/app\/uploads\/2024\/11\/flotte-bmw-7.jpg","contentUrl":"https:\/\/cdn.schneider-chauffeur.de\/app\/uploads\/2024\/11\/flotte-bmw-7.jpg","width":600,"height":394},{"@type":"BreadcrumbList","@id":"https:\/\/www.schneider-chauffeur.de\/fr\/notre-flotte\/bmw-i750\/#breadcrumb","itemListElement":[{"@type":"ListItem","position":1,"name":"Page d\u2019accueil","item":"https:\/\/www.schneider-chauffeur.de\/fr\/"},{"@type":"ListItem","position":2,"name":"Notre flotte","item":"https:\/\/www.schneider-chauffeur.de\/fr\/notre-flotte\/"},{"@type":"ListItem","position":3,"name":"BMW i750"}]},{"@type":"WebSite","@id":"https:\/\/www.schneider-chauffeur.de\/fr\/#website","url":"https:\/\/www.schneider-chauffeur.de\/fr\/","name":"Schneider Chauffeurservice \u2013 Gesch\u00e4ftsreisen mit h\u00f6chstem Komfort","description":"","publisher":{"@id":"https:\/\/www.schneider-chauffeur.de\/fr\/#organization"},"potentialAction":[{"@type":"SearchAction","target":{"@type":"EntryPoint","urlTemplate":"https:\/\/www.schneider-chauffeur.de\/fr\/?s={search_term_string}"},"query-input":{"@type":"PropertyValueSpecification","valueRequired":true,"valueName":"search_term_string"}}],"inLanguage":"fr-FR"},{"@type":["Organization","Place"],"@id":"https:\/\/www.schneider-chauffeur.de\/fr\/#organization","name":"Schneider Chauffeurservice","url":"https:\/\/www.schneider-chauffeur.de\/fr\/","logo":{"@id":"https:\/\/www.schneider-chauffeur.de\/fr\/notre-flotte\/bmw-i750\/#local-main-organization-logo"},"image":{"@id":"https:\/\/www.schneider-chauffeur.de\/fr\/notre-flotte\/bmw-i750\/#local-main-organization-logo"},"sameAs":["https:\/\/www.facebook.com\/SchneiderChauffeurservice","https:\/\/www.linkedin.com\/company\/schneider-chauffeurservice\/","https:\/\/www.instagram.com\/schneider_chauffeurservice\/"],"legalName":"Schneider Chauffeurservice","numberOfEmployees":{"@type":"QuantitativeValue","minValue":"11","maxValue":"50"},"address":{"@id":"https:\/\/www.schneider-chauffeur.de\/fr\/notre-flotte\/bmw-i750\/#local-main-place-address"},"telephone":["+49 20185892980"],"contactPoint":{"@type":"ContactPoint","telephone":"+49 20185892980","email":"info@schneider-chauffeur.de"},"openingHoursSpecification":[{"@type":"OpeningHoursSpecification","dayOfWeek":["Monday","Tuesday","Wednesday","Thursday","Friday","Saturday","Sunday"],"opens":"09:00","closes":"17:00"}],"email":"info@schneider-chauffeur.de","faxNumber":"Schneider Chauffeurservice","areaServed":"Germany"},{"@type":"PostalAddress","@id":"https:\/\/www.schneider-chauffeur.de\/fr\/notre-flotte\/bmw-i750\/#local-main-place-address","streetAddress":"Hohenzollernstr. 24","addressLocality":"Essen","postalCode":"45128","addressCountry":"DE"},{"@type":"ImageObject","inLanguage":"fr-FR","@id":"https:\/\/www.schneider-chauffeur.de\/fr\/notre-flotte\/bmw-i750\/#local-main-organization-logo","url":"https:\/\/cdn.schneider-chauffeur.de\/app\/uploads\/2019\/08\/logo-schneider-chauffeur-service.svg","contentUrl":"https:\/\/cdn.schneider-chauffeur.de\/app\/uploads\/2019\/08\/logo-schneider-chauffeur-service.svg","caption":"Schneider Chauffeurservice"}]},"geo.placename":"Essen","geo.region":"Germany"},"_links":{"self":[{"href":"https:\/\/www.schneider-chauffeur.de\/fr\/wp-json\/wp\/v2\/pages\/26069","targetHints":{"allow":["GET"]}}],"collection":[{"href":"https:\/\/www.schneider-chauffeur.de\/fr\/wp-json\/wp\/v2\/pages"}],"about":[{"href":"https:\/\/www.schneider-chauffeur.de\/fr\/wp-json\/wp\/v2\/types\/page"}],"author":[{"embeddable":true,"href":"https:\/\/www.schneider-chauffeur.de\/fr\/wp-json\/wp\/v2\/users\/3"}],"replies":[{"embeddable":true,"href":"https:\/\/www.schneider-chauffeur.de\/fr\/wp-json\/wp\/v2\/comments?post=26069"}],"version-history":[{"count":3,"href":"https:\/\/www.schneider-chauffeur.de\/fr\/wp-json\/wp\/v2\/pages\/26069\/revisions"}],"predecessor-version":[{"id":26338,"href":"https:\/\/www.schneider-chauffeur.de\/fr\/wp-json\/wp\/v2\/pages\/26069\/revisions\/26338"}],"up":[{"embeddable":true,"href":"https:\/\/www.schneider-chauffeur.de\/fr\/wp-json\/wp\/v2\/pages\/1577"}],"wp:featuredmedia":[{"embeddable":true,"href":"https:\/\/www.schneider-chauffeur.de\/fr\/wp-json\/wp\/v2\/media\/26284"}],"wp:attachment":[{"href":"https:\/\/www.schneider-chauffeur.de\/fr\/wp-json\/wp\/v2\/media?parent=26069"}],"curies":[{"name":"wp","href":"https:\/\/api.w.org\/{rel}","templated":true}]}}